{"id":5042,"date":"2014-04-21T03:58:35","date_gmt":"2014-04-21T01:58:35","guid":{"rendered":"http:\/\/xalps.com\/2003\/?post_type=avada_portfolio&#038;p=5042"},"modified":"2017-04-23T18:24:50","modified_gmt":"2017-04-23T16:24:50","slug":"tag11","status":"publish","type":"avada_portfolio","link":"https:\/\/www.xalps.com\/2003\/tagebuch\/tag11\/","title":{"rendered":"Tag 11 &#8211; Do. 24.7."},"content":{"rendered":"<div class=\"fusion-fullwidth fullwidth-box fusion-builder-row-1 hundred-percent-fullwidth non-hundred-percent-height-scrolling\" style=\"background-color: rgba(255,255,255,0);background-position: center center;background-repeat: no-repeat;padding-top:0px;padding-right:0px;padding-bottom:0px;padding-left:0px;margin-bottom: 0px;margin-top: 0px;border-width: 0px 0px 0px 0px;border-color:#eae9e9;border-style:solid;\" ><div class=\"fusion-builder-row fusion-row\"><div class=\"fusion-layout-column fusion_builder_column fusion-builder-column-0 fusion_builder_column_1_1 1_1 fusion-one-full fusion-column-first fusion-column-last fusion-column-no-min-height\" style=\"margin-top:0px;margin-bottom:0px;\"><div class=\"fusion-column-wrapper fusion-flex-column-wrapper-legacy\" style=\"background-position:left top;background-repeat:no-repeat;-webkit-background-size:cover;-moz-background-size:cover;-o-background-size:cover;background-size:cover;padding: 0px 0px 0px 0px;\"><style type=\"text\/css\"><\/style><div class=\"fusion-title title fusion-title-1 fusion-title-text fusion-title-size-two\" style=\"margin-top:0px;margin-right:0px;margin-bottom:31px;margin-left:0px;\"><h2 class=\"title-heading-left\" style=\"margin:0;\">Do. 24.07.2003, Tag 11- Go West&gt;<\/h2><span class=\"awb-title-spacer\"><\/span><div class=\"title-sep-container\"><div class=\"title-sep sep-double sep-solid\" style=\"border-color:#e0dede;\"><\/div><\/div><\/div>\n<p align=\"justify\">Am Vortag hatten wir uns ja wirklich mehr als ausgeschlafen und so konnten wir ohne Probleme um 6.00 Uhr aus den (Stahl-)Federn kriechen. Das allmorgendliche &#8222;Liefert\u00fcr-auf-und-aufs-Wetter-rausblinzel&#8220;-Ritual beantwortete die Fragen, die uns die Wolkenbildung vom Vorabend aufgab: Richtung Westen tiefbasige Bew\u00f6lkung mit einem Bedeckungsgrad von etwa 5\/8 &#8211; und das um diese Uhrzeit. Dies stellte die Sinnhaftigkeit, auf die Alp Mora (2027m) hochzuwandern doch sehr in Frage. So gro\u00df der Drang endlich wieder <em>richtig <\/em>zu fliegen auch war, so behielt diesmal die Vernunft (sprich Gassis k\u00f6rperliche und geistige Energiebilanz) die Oberhand. Denn wie Gerhard schon zwei Tage zuvor bemerkt hatte, kann man sich auf das Gehen einstellen, auf die mit einem missgl\u00fcckten Flugversuch &#8222;belohnten&#8220; Strapazen des daf\u00fcr notwendigen Bergaufstieges weniger.<\/p>\n<p align=\"justify\">Nach dem Fr\u00fchst\u00fcck f\u00fcr Champions taten wir es also unserem direkten Konkurrenten um Platz 14 gleich und beschlossen: Fu\u00dfmarsch! Carlos schien sich n\u00e4mlich schon darauf festgelegt zu haben, den nicht existierenden &#8222;Preis f\u00fcr den Athleten mit den meisten Wanderkilometern&#8220; abzusahnen &#8211; er hatte an diesem Tag bereits in seinem Ranking 50% Flug- und 50% Wander-Kilometer aufscheinen &#8211; bei einer Gesamtdistanz von bisher 392 km eine beachtliche Gehleistung. Und viel schlimmer: mittlerweile hatte er \u00fcber 30km Vorsprung auf uns herausgepilgert, was wir auch heute wohl kaum w\u00fcrden aufholen k\u00f6nnen.<\/p>\n<p>Die Wetterprognosen in Radio und Internet best\u00e4tigten uns zus\u00e4tzlich in unserem Vorhaben, jegliche Flugaktivit\u00e4t an diesem Tag einzustellen. Durch die fehlende Koffeinspritze kam Gassi an diesem Tag erst etwas versp\u00e4tet in die G\u00e4nge und zog erst gegen 8.30 Uhr Richtung Westen ab.<\/p>\n<p align=\"justify\">Der Tag selbst verlief eher unspektakul\u00e4r &#8211; wie f\u00fcr einen Regentag \u00fcblich: Nach einer &#8222;Abk\u00fcrzung&#8220; des Bundesstra\u00dfenverlaufes bei Flims, die im Endeffekt einen Umweg von einigen Kilometern bedeutete, Mittagessen in Ilanz. Ab 14:00 Uhr setzte dann der Regen ein, der sich vom Salzburger Nieselregen zu einem richtig sch\u00f6nen Alpenguss auswuchs. Ich konnte in dieser Zeit wenigstens die Tage 8-10 f\u00fcr unser online Adventure-Tagebuch nacharbeiten und in einem Internetcaf\u00e9 in Ilanz um &#8222;schlanke&#8220; CHF 16,&#8211; (\u20ac 10,&#8211;) f\u00fcr 30 Minuten ins Netz stellen.<\/p>\n<p align=\"justify\"><a href=\"http:\/\/xalps.com\/2003\/wp-content\/uploads\/2014\/05\/do2_1.jpg\" data-rel=\"lightbox-gallery-BiMyOOpw\" data-rl_title=\"\" data-rl_caption=\"\" title=\"\"><img decoding=\"async\" src=\"http:\/\/xalps.com\/2003\/images\/diary\/thmb\/thmb_do2_1.jpg\" alt=\"\" width=\"135\" height=\"180\" align=\"left\" border=\"0\" hspace=\"5\" vspace=\"5\" \/><\/a>Gegen 18.00 Uhr lie\u00df der Regen allm\u00e4hlich nach und gab einen &#8222;l\u00fcckenhaften&#8220; Blick auf den blauen Aether frei &#8211; Anzeichen des f\u00fcr morgen vorhergesagten Zwischenhoch-Einflusses. Genau den galt es zu nutzen! Wenn die auf der <a href=\"http:\/\/redbullxalps.com\/\" target=\"_blank\">Event-Site<\/a> prognostizierte Ankunftszeit von Leader Kaspar Henny nur ann\u00e4hernd stimmte, sollte morgen ohnehin der letzte &#8222;regul\u00e4re&#8220; Wettkampftag sein.<\/p>\n<p>Somit verlegten wir das Tagesetappenziel von urspr\u00fcnglich Danis (780m) auf das doch gut 400m h\u00f6her gelegene \u00d6rtchen Schlans, das Gassi gegen 20.30 Uhr ziemlich geschlaucht erreichte.<\/p>\n<p>Auf dem letzten Parkplatz vor der bewilligungspflichtigen Bergstra\u00dfe schlugen wir dann unser Nachtlager auf, die Augen Richtung sp\u00e4rlich durchschimmernden Sonnenuntergang gerichtet. Die Thermikprognosen der <a href=\"http:\/\/meteoswiss.ch\/redbull\" target=\"_blank\">MeteoSwiss<\/a>-Seite lie\u00dfen f\u00fcr morgen m\u00e4\u00dfige Thermikbedingungen (&#8222;gr\u00fcner Punkt&#8220; im Rhein-Tal) erwarten, was so ziemlich das Beste war, das uns in den letzten Tagen von den extra f\u00fcr XAlps abgestellten Wetterpropheten versprochen wurde.<\/p>\n<p align=\"justify\">Ab 22.30 Uhr dann selbstverordnete Bettruhe, denn morgen Vormittag standen wieder an die 800 H\u00f6henmeter zur \u00dcberwindung an &#8211; zumindest f\u00fcr einen von uns beiden&#8230; *g*<\/p>\n<div class=\"fusion-clearfix\"><\/div><\/div><\/div><div class=\"fusion-layout-column fusion_builder_column fusion-builder-column-1 fusion_builder_column_1_1 1_1 fusion-one-full fusion-column-first fusion-column-last fusion-column-no-min-height\" style=\"margin-top:0px;margin-bottom:0px;\"><div class=\"fusion-column-wrapper fusion-flex-column-wrapper-legacy\" style=\"background-position:left top;background-repeat:no-repeat;-webkit-background-size:cover;-moz-background-size:cover;-o-background-size:cover;background-size:cover;padding: 0px 0px 0px 0px;\"><div class=\"su-divider su-divider-style-default\" style=\"margin:15px 0;border-width:3px;border-color:#999999\"><a href=\"#\" style=\"color:#999999\">top<\/a><\/div><style type=\"text\/css\"><\/style><div class=\"fusion-title title fusion-title-2 fusion-title-text fusion-title-size-three\" style=\"margin-top:0px;margin-right:0px;margin-bottom:31px;margin-left:0px;\"><h3 class=\"title-heading-left\" style=\"margin:0;\">Zwischenklassement &#8211; Tag 11:<\/h3><span class=\"awb-title-spacer\"><\/span><div class=\"title-sep-container\"><div class=\"title-sep sep-double sep-solid\" style=\"border-color:#e0dede;\"><\/div><\/div><\/div> (Danke an Martin Lammer, der t\u00e4glich die St\u00e4nde f\u00fcr uns protokolliert!)<\/p>\n<div align=\"justify\">\n<table border=\"1\" width=\"400\" cellspacing=\"2\" cellpadding=\"2\" align=\"center\">\n<tbody>\n<tr>\n<td align=\"center\" width=\"50\">\n<div align=\"center\"><strong>Platz<\/strong><\/div>\n<\/td>\n<td align=\"left\" width=\"200\">\n<div align=\"center\"><strong>Name<\/strong><\/div>\n<\/td>\n<td width=\"75\">\n<div align=\"center\"><strong>Tagesleistung (km)<\/strong><\/div>\n<\/td>\n<td width=\"75\">\n<div align=\"center\"><strong>Gesamtleistung (km)<\/strong><\/div>\n<\/td>\n<\/tr>\n<tr>\n<td align=\"center\">1<\/td>\n<td align=\"left\"><img decoding=\"async\" src=\"http:\/\/xalps.com\/2003\/wp-content\/uploads\/countryflags\/sz-flag.gif\" alt=\"\" width=\"27\" height=\"14\" border=\"0\" \/> 04 CH 1 Henny<\/td>\n<td align=\"center\">39<\/td>\n<td align=\"center\">658<\/td>\n<\/tr>\n<tr>\n<td align=\"center\">2<\/td>\n<td align=\"left\"><img decoding=\"async\" src=\"http:\/\/xalps.com\/2003\/wp-content\/uploads\/countryflags\/gm-flag.gif\" alt=\"\" width=\"27\" height=\"14\" border=\"0\" \/> 07 GER 1 Bocks<\/td>\n<td align=\"center\">57<\/td>\n<td align=\"center\">598<\/td>\n<\/tr>\n<tr>\n<td align=\"center\">3<\/td>\n<td align=\"left\"><img decoding=\"async\" src=\"http:\/\/xalps.com\/2003\/wp-content\/uploads\/countryflags\/sz-flag.gif\" alt=\"\" width=\"27\" height=\"14\" border=\"0\" \/> 05 CH 2 L\u00f6tscher<\/td>\n<td align=\"center\">53<\/td>\n<td align=\"center\">597<\/td>\n<\/tr>\n<tr>\n<td align=\"center\">4<\/td>\n<td align=\"left\"><img decoding=\"async\" src=\"http:\/\/xalps.com\/2003\/wp-content\/uploads\/countryflags\/fr-flag.gif\" alt=\"\" width=\"27\" height=\"14\" border=\"0\" \/> 06 FRA Dagault<\/td>\n<td align=\"center\">50<\/td>\n<td align=\"center\">577<\/td>\n<\/tr>\n<tr>\n<td align=\"center\">5<\/td>\n<td align=\"left\"><img decoding=\"async\" src=\"http:\/\/xalps.com\/2003\/wp-content\/uploads\/countryflags\/us-flag.gif\" alt=\"\" width=\"27\" height=\"14\" border=\"0\" \/> 17 USA \/ CAN Gadd<\/td>\n<td align=\"center\">28<\/td>\n<td align=\"center\">529<\/td>\n<\/tr>\n<tr>\n<td align=\"center\">6<\/td>\n<td align=\"left\">\n<div align=\"right\">\n<div align=\"right\">\n<div align=\"left\"><img decoding=\"async\" src=\"http:\/\/xalps.com\/2003\/wp-content\/uploads\/countryflags\/gm-flag.gif\" alt=\"\" width=\"27\" height=\"14\" border=\"0\" \/> 09 GER 3 Herfurth<\/div>\n<\/div>\n<\/div>\n<\/td>\n<td align=\"center\">28<\/td>\n<td align=\"center\">529<\/td>\n<\/tr>\n<tr>\n<td align=\"center\">7<\/td>\n<td align=\"left\">\n<div align=\"right\">\n<div align=\"left\"><img decoding=\"async\" src=\"http:\/\/xalps.com\/2003\/wp-content\/uploads\/countryflags\/gm-flag.gif\" alt=\"\" width=\"27\" height=\"14\" border=\"0\" \/> 08 GER 2 Friedrich<\/div>\n<\/div>\n<\/td>\n<td align=\"center\">40<\/td>\n<td align=\"center\">524<\/td>\n<\/tr>\n<tr>\n<td align=\"center\">8<\/td>\n<td align=\"left\">\n<div align=\"right\">\n<div align=\"left\"><img decoding=\"async\" src=\"http:\/\/xalps.com\/2003\/wp-content\/uploads\/countryflags\/si-flag.gif\" alt=\"\" width=\"27\" height=\"14\" border=\"0\" \/> 14 SLO Rozic<\/div>\n<\/div>\n<\/td>\n<td align=\"center\">17<\/td>\n<td align=\"center\">510<\/td>\n<\/tr>\n<tr>\n<td align=\"center\">9<\/td>\n<td align=\"left\">\n<div align=\"right\">\n<div align=\"left\"><img decoding=\"async\" src=\"http:\/\/xalps.com\/2003\/wp-content\/uploads\/countryflags\/ro-flag.gif\" alt=\"\" width=\"27\" height=\"14\" border=\"0\" \/> 13 RUM Coconea<\/div>\n<\/div>\n<\/td>\n<td align=\"center\">67<\/td>\n<td align=\"center\">499<\/td>\n<\/tr>\n<tr>\n<td align=\"center\">10<\/td>\n<td align=\"left\">\n<div align=\"right\">\n<div align=\"left\"><img decoding=\"async\" src=\"http:\/\/xalps.com\/2003\/wp-content\/uploads\/countryflags\/au-flag.gif\" alt=\"\" width=\"27\" height=\"14\" border=\"0\" \/>\u00a002 AUT 2 Holzm\u00fcller<\/div>\n<\/div>\n<\/td>\n<td align=\"center\">31<\/td>\n<td align=\"center\">457<\/td>\n<\/tr>\n<tr>\n<td align=\"center\">11<\/td>\n<td align=\"left\"><img decoding=\"async\" src=\"http:\/\/xalps.com\/2003\/wp-content\/uploads\/countryflags\/pl-flag.gif\" alt=\"\" width=\"27\" height=\"14\" border=\"0\" \/> 12 POL Ziolkowski<\/td>\n<td align=\"center\">7<\/td>\n<td align=\"center\">433<\/td>\n<\/tr>\n<tr>\n<td align=\"center\">12<\/td>\n<td align=\"left\">\n<div align=\"left\"><img decoding=\"async\" src=\"http:\/\/xalps.com\/2003\/wp-content\/uploads\/countryflags\/tu-flag.gif\" alt=\"\" width=\"27\" height=\"14\" border=\"0\" \/> 15 TUR Buhara<\/div>\n<\/td>\n<td align=\"center\">12<\/td>\n<td align=\"center\">418<\/td>\n<\/tr>\n<tr>\n<td align=\"center\">13<\/td>\n<td align=\"left\">\n<div align=\"left\"><img decoding=\"async\" src=\"http:\/\/xalps.com\/2003\/wp-content\/uploads\/countryflags\/it-flag.gif\" alt=\"\" width=\"27\" height=\"14\" border=\"0\" \/> 10 ITA Fr\u00f6tscher<\/div>\n<\/td>\n<td align=\"center\">13<\/td>\n<td align=\"center\">407<\/td>\n<\/tr>\n<tr>\n<td align=\"center\">14<\/td>\n<td align=\"left\">\n<div align=\"right\">\n<div align=\"left\"><img decoding=\"async\" src=\"http:\/\/xalps.com\/2003\/wp-content\/uploads\/countryflags\/mx-flag.gif\" alt=\"\" width=\"27\" height=\"14\" border=\"0\" \/> 11 MEX Carsolo<\/div>\n<\/div>\n<\/td>\n<td align=\"center\">17<\/td>\n<td align=\"center\">383<\/td>\n<\/tr>\n<tr>\n<td align=\"center\">15<\/td>\n<td align=\"left\"><img decoding=\"async\" src=\"http:\/\/xalps.com\/2003\/wp-content\/uploads\/countryflags\/au-flag.gif\" alt=\"\" width=\"27\" height=\"14\" border=\"0\" \/> 01 AUT 1 Gassner \/ Robe<\/td>\n<td align=\"center\">26<\/td>\n<td align=\"center\">354<\/td>\n<\/tr>\n<tr>\n<td align=\"center\">16<\/td>\n<td align=\"left\"><img decoding=\"async\" src=\"http:\/\/xalps.com\/2003\/wp-content\/uploads\/countryflags\/bu-flag.gif\" alt=\"\" width=\"27\" height=\"14\" border=\"0\" \/> 03 BUL\u00a0Vasilev<\/td>\n<td align=\"center\">29<\/td>\n<td align=\"center\">282<\/td>\n<\/tr>\n<tr>\n<td align=\"center\">17<\/td>\n<td align=\"left\">\n<div align=\"right\">\n<div align=\"left\"><img decoding=\"async\" src=\"http:\/\/xalps.com\/2003\/wp-content\/uploads\/countryflags\/uk-flag.gif\" alt=\"\" width=\"27\" height=\"14\" border=\"0\" \/> 16 UK Shaw<\/div>\n<\/div>\n<\/td>\n<td align=\"center\">2<\/td>\n<td align=\"center\">227<\/td>\n<\/tr>\n<\/tbody>\n<\/table>\n<\/div>\n<div class=\"fusion-clearfix\"><\/div><\/div><\/div><\/div><style type=\"text\/css\">.fusion-fullwidth.fusion-builder-row-1 { overflow:visible; }<\/style><\/div>\n","protected":false},"excerpt":{"rendered":"<p>Go West!<\/p>\n","protected":false},"author":1,"featured_media":4704,"menu_order":11,"comment_status":"open","ping_status":"closed","template":"","format":"standard","meta":{"footnotes":""},"portfolio_category":[32],"portfolio_skills":[],"portfolio_tags":[],"class_list":["post-5042","avada_portfolio","type-avada_portfolio","status-publish","format-standard","has-post-thumbnail","hentry","portfolio_category-woche2"],"yoast_head":"<!-- This site is optimized with the Yoast SEO plugin v26.4 - https:\/\/yoast.com\/wordpress\/plugins\/seo\/ -->\n<title>Tag 11 - Do. 24.7. - XAlps.com -= the ultimate paragliding race =-<\/title>\n<meta name=\"robots\" content=\"index, follow, max-snippet:-1, max-image-preview:large, max-video-preview:-1\" \/>\n<link rel=\"canonical\" href=\"https:\/\/www.xalps.com\/2003\/tagebuch\/tag11\/\" \/>\n<meta property=\"og:locale\" content=\"de_DE\" \/>\n<meta property=\"og:type\" content=\"article\" \/>\n<meta property=\"og:title\" content=\"Tag 11 - Do. 24.7. - XAlps.com -= the ultimate paragliding race =-\" \/>\n<meta property=\"og:description\" content=\"Go West!\" \/>\n<meta property=\"og:url\" content=\"https:\/\/www.xalps.com\/2003\/tagebuch\/tag11\/\" \/>\n<meta property=\"og:site_name\" content=\"XAlps.com -= the ultimate paragliding race =-\" \/>\n<meta property=\"article:modified_time\" content=\"2017-04-23T16:24:50+00:00\" \/>\n<meta property=\"og:image\" content=\"https:\/\/www.xalps.com\/2003\/wp-content\/uploads\/2014\/05\/do2_1.jpg\" \/>\n\t<meta property=\"og:image:width\" content=\"600\" \/>\n\t<meta property=\"og:image:height\" content=\"800\" \/>\n\t<meta property=\"og:image:type\" content=\"image\/jpeg\" \/>\n<meta name=\"twitter:card\" content=\"summary_large_image\" \/>\n<meta name=\"twitter:label1\" content=\"Gesch\u00e4tzte Lesezeit\" \/>\n\t<meta name=\"twitter:data1\" content=\"4\u00a0Minuten\" \/>\n<script type=\"application\/ld+json\" class=\"yoast-schema-graph\">{\"@context\":\"https:\/\/schema.org\",\"@graph\":[{\"@type\":\"WebPage\",\"@id\":\"https:\/\/www.xalps.com\/2003\/tagebuch\/tag11\/\",\"url\":\"https:\/\/www.xalps.com\/2003\/tagebuch\/tag11\/\",\"name\":\"Tag 11 - Do. 24.7. - XAlps.com -= the ultimate paragliding race =-\",\"isPartOf\":{\"@id\":\"https:\/\/www.xalps.com\/2003\/#website\"},\"primaryImageOfPage\":{\"@id\":\"https:\/\/www.xalps.com\/2003\/tagebuch\/tag11\/#primaryimage\"},\"image\":{\"@id\":\"https:\/\/www.xalps.com\/2003\/tagebuch\/tag11\/#primaryimage\"},\"thumbnailUrl\":\"https:\/\/www.xalps.com\/2003\/wp-content\/uploads\/2014\/05\/do2_1.jpg\",\"datePublished\":\"2014-04-21T01:58:35+00:00\",\"dateModified\":\"2017-04-23T16:24:50+00:00\",\"breadcrumb\":{\"@id\":\"https:\/\/www.xalps.com\/2003\/tagebuch\/tag11\/#breadcrumb\"},\"inLanguage\":\"de\",\"potentialAction\":[{\"@type\":\"ReadAction\",\"target\":[\"https:\/\/www.xalps.com\/2003\/tagebuch\/tag11\/\"]}]},{\"@type\":\"ImageObject\",\"inLanguage\":\"de\",\"@id\":\"https:\/\/www.xalps.com\/2003\/tagebuch\/tag11\/#primaryimage\",\"url\":\"https:\/\/www.xalps.com\/2003\/wp-content\/uploads\/2014\/05\/do2_1.jpg\",\"contentUrl\":\"https:\/\/www.xalps.com\/2003\/wp-content\/uploads\/2014\/05\/do2_1.jpg\",\"width\":600,\"height\":800},{\"@type\":\"BreadcrumbList\",\"@id\":\"https:\/\/www.xalps.com\/2003\/tagebuch\/tag11\/#breadcrumb\",\"itemListElement\":[{\"@type\":\"ListItem\",\"position\":1,\"name\":\"Startseite\",\"item\":\"https:\/\/www.xalps.com\/2003\/\"},{\"@type\":\"ListItem\",\"position\":2,\"name\":\"Portfolio\",\"item\":\"https:\/\/www.xalps.com\/2003\/tagebuch\/\"},{\"@type\":\"ListItem\",\"position\":3,\"name\":\"Tag 11 &#8211; Do. 24.7.\"}]},{\"@type\":\"WebSite\",\"@id\":\"https:\/\/www.xalps.com\/2003\/#website\",\"url\":\"https:\/\/www.xalps.com\/2003\/\",\"name\":\"XAlps.com -= the ultimate paragliding race =-\",\"description\":\"800km across the Alps\",\"potentialAction\":[{\"@type\":\"SearchAction\",\"target\":{\"@type\":\"EntryPoint\",\"urlTemplate\":\"https:\/\/www.xalps.com\/2003\/?s={search_term_string}\"},\"query-input\":{\"@type\":\"PropertyValueSpecification\",\"valueRequired\":true,\"valueName\":\"search_term_string\"}}],\"inLanguage\":\"de\"}]}<\/script>\n<!-- \/ Yoast SEO plugin. -->","yoast_head_json":{"title":"Tag 11 - Do. 24.7. - XAlps.com -= the ultimate paragliding race =-","robots":{"index":"index","follow":"follow","max-snippet":"max-snippet:-1","max-image-preview":"max-image-preview:large","max-video-preview":"max-video-preview:-1"},"canonical":"https:\/\/www.xalps.com\/2003\/tagebuch\/tag11\/","og_locale":"de_DE","og_type":"article","og_title":"Tag 11 - Do. 24.7. - XAlps.com -= the ultimate paragliding race =-","og_description":"Go West!","og_url":"https:\/\/www.xalps.com\/2003\/tagebuch\/tag11\/","og_site_name":"XAlps.com -= the ultimate paragliding race =-","article_modified_time":"2017-04-23T16:24:50+00:00","og_image":[{"width":600,"height":800,"url":"https:\/\/www.xalps.com\/2003\/wp-content\/uploads\/2014\/05\/do2_1.jpg","type":"image\/jpeg"}],"twitter_card":"summary_large_image","twitter_misc":{"Gesch\u00e4tzte Lesezeit":"4\u00a0Minuten"},"schema":{"@context":"https:\/\/schema.org","@graph":[{"@type":"WebPage","@id":"https:\/\/www.xalps.com\/2003\/tagebuch\/tag11\/","url":"https:\/\/www.xalps.com\/2003\/tagebuch\/tag11\/","name":"Tag 11 - Do. 24.7. - XAlps.com -= the ultimate paragliding race =-","isPartOf":{"@id":"https:\/\/www.xalps.com\/2003\/#website"},"primaryImageOfPage":{"@id":"https:\/\/www.xalps.com\/2003\/tagebuch\/tag11\/#primaryimage"},"image":{"@id":"https:\/\/www.xalps.com\/2003\/tagebuch\/tag11\/#primaryimage"},"thumbnailUrl":"https:\/\/www.xalps.com\/2003\/wp-content\/uploads\/2014\/05\/do2_1.jpg","datePublished":"2014-04-21T01:58:35+00:00","dateModified":"2017-04-23T16:24:50+00:00","breadcrumb":{"@id":"https:\/\/www.xalps.com\/2003\/tagebuch\/tag11\/#breadcrumb"},"inLanguage":"de","potentialAction":[{"@type":"ReadAction","target":["https:\/\/www.xalps.com\/2003\/tagebuch\/tag11\/"]}]},{"@type":"ImageObject","inLanguage":"de","@id":"https:\/\/www.xalps.com\/2003\/tagebuch\/tag11\/#primaryimage","url":"https:\/\/www.xalps.com\/2003\/wp-content\/uploads\/2014\/05\/do2_1.jpg","contentUrl":"https:\/\/www.xalps.com\/2003\/wp-content\/uploads\/2014\/05\/do2_1.jpg","width":600,"height":800},{"@type":"BreadcrumbList","@id":"https:\/\/www.xalps.com\/2003\/tagebuch\/tag11\/#breadcrumb","itemListElement":[{"@type":"ListItem","position":1,"name":"Startseite","item":"https:\/\/www.xalps.com\/2003\/"},{"@type":"ListItem","position":2,"name":"Portfolio","item":"https:\/\/www.xalps.com\/2003\/tagebuch\/"},{"@type":"ListItem","position":3,"name":"Tag 11 &#8211; Do. 24.7."}]},{"@type":"WebSite","@id":"https:\/\/www.xalps.com\/2003\/#website","url":"https:\/\/www.xalps.com\/2003\/","name":"XAlps.com -= the ultimate paragliding race =-","description":"800km across the Alps","potentialAction":[{"@type":"SearchAction","target":{"@type":"EntryPoint","urlTemplate":"https:\/\/www.xalps.com\/2003\/?s={search_term_string}"},"query-input":{"@type":"PropertyValueSpecification","valueRequired":true,"valueName":"search_term_string"}}],"inLanguage":"de"}]}},"_links":{"self":[{"href":"https:\/\/www.xalps.com\/2003\/wp-json\/wp\/v2\/avada_portfolio\/5042","targetHints":{"allow":["GET"]}}],"collection":[{"href":"https:\/\/www.xalps.com\/2003\/wp-json\/wp\/v2\/avada_portfolio"}],"about":[{"href":"https:\/\/www.xalps.com\/2003\/wp-json\/wp\/v2\/types\/avada_portfolio"}],"author":[{"embeddable":true,"href":"https:\/\/www.xalps.com\/2003\/wp-json\/wp\/v2\/users\/1"}],"replies":[{"embeddable":true,"href":"https:\/\/www.xalps.com\/2003\/wp-json\/wp\/v2\/comments?post=5042"}],"version-history":[{"count":1,"href":"https:\/\/www.xalps.com\/2003\/wp-json\/wp\/v2\/avada_portfolio\/5042\/revisions"}],"predecessor-version":[{"id":5533,"href":"https:\/\/www.xalps.com\/2003\/wp-json\/wp\/v2\/avada_portfolio\/5042\/revisions\/5533"}],"wp:featuredmedia":[{"embeddable":true,"href":"https:\/\/www.xalps.com\/2003\/wp-json\/wp\/v2\/media\/4704"}],"wp:attachment":[{"href":"https:\/\/www.xalps.com\/2003\/wp-json\/wp\/v2\/media?parent=5042"}],"wp:term":[{"taxonomy":"portfolio_category","embeddable":true,"href":"https:\/\/www.xalps.com\/2003\/wp-json\/wp\/v2\/portfolio_category?post=5042"},{"taxonomy":"portfolio_skills","embeddable":true,"href":"https:\/\/www.xalps.com\/2003\/wp-json\/wp\/v2\/portfolio_skills?post=5042"},{"taxonomy":"portfolio_tags","embeddable":true,"href":"https:\/\/www.xalps.com\/2003\/wp-json\/wp\/v2\/portfolio_tags?post=5042"}],"curies":[{"name":"wp","href":"https:\/\/api.w.org\/{rel}","templated":true}]}}